{"id":1631,"date":"2024-06-02T22:58:30","date_gmt":"2024-06-02T20:58:30","guid":{"rendered":"https:\/\/parkingvillur.es\/?page_id=1631"},"modified":"2024-07-12T17:16:03","modified_gmt":"2024-07-12T15:16:03","slug":"home","status":"publish","type":"page","link":"https:\/\/parkingvillur.es\/fr\/","title":{"rendered":"Commencer"},"content":{"rendered":"<div data-elementor-type=\"wp-page\" data-elementor-id=\"1631\" class=\"elementor elementor-1631\" data-elementor-post-type=\"page\">\n\t\t\t\t<div class=\"elementor-element elementor-element-72ef869 e-flex e-con-boxed e-con e-parent\" data-id=\"72ef869\" data-element_type=\"container\" data-settings=\"{&quot;background_background&quot;:&quot;classic&quot;}\">\n\t\t\t\t\t<div class=\"e-con-inner\">\n\t\t\t\t<div class=\"elementor-element elementor-element-47479c8 elementor-widget elementor-widget-heading\" data-id=\"47479c8\" data-element_type=\"widget\" data-widget_type=\"heading.default\">\n\t\t\t\t<div class=\"elementor-widget-container\">\n\t\t\t\t\t<h1 class=\"elementor-heading-title elementor-size-default\">Parking Villur Eixample<\/h1>\t\t\t\t<\/div>\n\t\t\t\t<\/div>\n\t\t\t\t<div class=\"elementor-element elementor-element-32ac7e0 elementor-widget elementor-widget-text-editor\" data-id=\"32ac7e0\" data-element_type=\"widget\" data-widget_type=\"text-editor.default\">\n\t\t\t\t<div class=\"elementor-widget-container\">\n\t\t\t\t\t\t\t\t\tGarez-vous confortablement au c\u0153ur de Barcelone\n<ul>\n \t<li>Ouvert 24 heures sur 24, 365 jours par an<\/li>\n \t<li>En plein c\u0153ur de la ville<\/li>\n \t<li>Enregistrements et d\u00e9parts illimit\u00e9s lors de la r\u00e9servation<\/li>\n<\/ul>\t\t\t\t\t\t\t\t<\/div>\n\t\t\t\t<\/div>\n\t\t\t\t<div class=\"elementor-element elementor-element-f48b016 elementor-widget elementor-widget-button\" data-id=\"f48b016\" data-element_type=\"widget\" data-widget_type=\"button.default\">\n\t\t\t\t<div class=\"elementor-widget-container\">\n\t\t\t\t\t\t\t\t\t<div class=\"elementor-button-wrapper\">\n\t\t\t\t\t<a class=\"elementor-button elementor-button-link elementor-size-sm\" href=\"https:\/\/parkingvillur.es\/fr\/booking\/villur\/\">\n\t\t\t\t\t\t<span class=\"elementor-button-content-wrapper\">\n\t\t\t\t\t\t\t\t\t<span class=\"elementor-button-text\">R\u00e9server une place<\/span>\n\t\t\t\t\t<\/span>\n\t\t\t\t\t<\/a>\n\t\t\t\t<\/div>\n\t\t\t\t\t\t\t\t<\/div>\n\t\t\t\t<\/div>\n\t\t\t\t\t<\/div>\n\t\t\t\t<\/div>\n\t\t<div class=\"elementor-element elementor-element-f2077ca e-flex e-con-boxed e-con e-parent\" data-id=\"f2077ca\" data-element_type=\"container\">\n\t\t\t\t\t<div class=\"e-con-inner\">\n\t\t\t\t<div class=\"elementor-element elementor-element-d5f6416 elementor-widget elementor-widget-heading\" data-id=\"d5f6416\" data-element_type=\"widget\" data-widget_type=\"heading.default\">\n\t\t\t\t<div class=\"elementor-widget-container\">\n\t\t\t\t\t<h2 class=\"elementor-heading-title elementor-size-default\">Parking Villur Eixample<\/h2>\t\t\t\t<\/div>\n\t\t\t\t<\/div>\n\t\t\t\t<div class=\"elementor-element elementor-element-0692056 elementor-widget elementor-widget-text-editor\" data-id=\"0692056\" data-element_type=\"widget\" data-widget_type=\"text-editor.default\">\n\t\t\t\t<div class=\"elementor-widget-container\">\n\t\t\t\t\t\t\t\t\tAu coeur de Barcelone et au meilleur prix\t\t\t\t\t\t\t\t<\/div>\n\t\t\t\t<\/div>\n\t\t<div class=\"elementor-element elementor-element-891148b e-flex e-con-boxed e-con e-child\" data-id=\"891148b\" data-element_type=\"container\">\n\t\t\t\t\t<div class=\"e-con-inner\">\n\t\t<div class=\"elementor-element elementor-element-a219025 e-flex e-con-boxed e-con e-child\" data-id=\"a219025\" data-element_type=\"container\">\n\t\t\t\t\t<div class=\"e-con-inner\">\n\t\t\t\t<div class=\"elementor-element elementor-element-2636b2b elementor-widget elementor-widget-image\" data-id=\"2636b2b\" data-element_type=\"widget\" data-widget_type=\"image.default\">\n\t\t\t\t<div class=\"elementor-widget-container\">\n\t\t\t\t\t\t\t\t\t\t\t\t\t\t\t<img fetchpriority=\"high\" decoding=\"async\" width=\"768\" height=\"417\" src=\"https:\/\/parkingvillur.es\/wp-content\/uploads\/sites\/17\/2024\/05\/IMG_20230529_094454-768x417.jpg\" class=\"attachment-medium_large size-medium_large wp-image-2262\" alt=\"\" srcset=\"https:\/\/parkingvillur.es\/wp-content\/uploads\/sites\/17\/2024\/05\/IMG_20230529_094454-768x417.jpg 768w, https:\/\/parkingvillur.es\/wp-content\/uploads\/sites\/17\/2024\/05\/IMG_20230529_094454-300x163.jpg 300w, https:\/\/parkingvillur.es\/wp-content\/uploads\/sites\/17\/2024\/05\/IMG_20230529_094454-1024x557.jpg 1024w, https:\/\/parkingvillur.es\/wp-content\/uploads\/sites\/17\/2024\/05\/IMG_20230529_094454-1536x835.jpg 1536w, https:\/\/parkingvillur.es\/wp-content\/uploads\/sites\/17\/2024\/05\/IMG_20230529_094454-2048x1113.jpg 2048w, https:\/\/parkingvillur.es\/wp-content\/uploads\/sites\/17\/2024\/05\/IMG_20230529_094454-18x10.jpg 18w\" sizes=\"(max-width: 768px) 100vw, 768px\" \/>\t\t\t\t\t\t\t\t\t\t\t\t\t\t\t<\/div>\n\t\t\t\t<\/div>\n\t\t\t\t<div class=\"elementor-element elementor-element-1f704e3 elementor-widget elementor-widget-heading\" data-id=\"1f704e3\" data-element_type=\"widget\" data-widget_type=\"heading.default\">\n\t\t\t\t<div class=\"elementor-widget-container\">\n\t\t\t\t\t<h3 class=\"elementor-heading-title elementor-size-default\">Entr\u00e9es et sorties illimit\u00e9es<\/h3>\t\t\t\t<\/div>\n\t\t\t\t<\/div>\n\t\t\t\t<div class=\"elementor-element elementor-element-896a25a elementor-widget elementor-widget-text-editor\" data-id=\"896a25a\" data-element_type=\"widget\" data-widget_type=\"text-editor.default\">\n\t\t\t\t<div class=\"elementor-widget-container\">\n\t\t\t\t\t\t\t\t\t<p>Notre parking propose des entr\u00e9es et sorties illimit\u00e9es 24h\/24. Cela vous donne un maximum de flexibilit\u00e9 pour vous d\u00e9placer dans la ville sans vous soucier des heures d&#039;ouverture ou de fermeture des parkings.<\/p>\t\t\t\t\t\t\t\t<\/div>\n\t\t\t\t<\/div>\n\t\t\t\t\t<\/div>\n\t\t\t\t<\/div>\n\t\t<div class=\"elementor-element elementor-element-590ea90 e-flex e-con-boxed e-con e-child\" data-id=\"590ea90\" data-element_type=\"container\">\n\t\t\t\t\t<div class=\"e-con-inner\">\n\t\t\t\t<div class=\"elementor-element elementor-element-c14b054 elementor-widget elementor-widget-image\" data-id=\"c14b054\" data-element_type=\"widget\" data-widget_type=\"image.default\">\n\t\t\t\t<div class=\"elementor-widget-container\">\n\t\t\t\t\t\t\t\t\t\t\t\t\t\t\t<img decoding=\"async\" width=\"768\" height=\"403\" src=\"https:\/\/parkingvillur.es\/wp-content\/uploads\/sites\/17\/2024\/05\/fuentes-montjuic-cami-bed-breakfast-hotel-barcelona-768x403.webp\" class=\"attachment-medium_large size-medium_large wp-image-2274\" alt=\"\" srcset=\"https:\/\/parkingvillur.es\/wp-content\/uploads\/sites\/17\/2024\/05\/fuentes-montjuic-cami-bed-breakfast-hotel-barcelona-768x403.webp 768w, https:\/\/parkingvillur.es\/wp-content\/uploads\/sites\/17\/2024\/05\/fuentes-montjuic-cami-bed-breakfast-hotel-barcelona-300x158.webp 300w, https:\/\/parkingvillur.es\/wp-content\/uploads\/sites\/17\/2024\/05\/fuentes-montjuic-cami-bed-breakfast-hotel-barcelona-1024x538.webp 1024w, https:\/\/parkingvillur.es\/wp-content\/uploads\/sites\/17\/2024\/05\/fuentes-montjuic-cami-bed-breakfast-hotel-barcelona-18x9.webp 18w, https:\/\/parkingvillur.es\/wp-content\/uploads\/sites\/17\/2024\/05\/fuentes-montjuic-cami-bed-breakfast-hotel-barcelona.webp 1200w\" sizes=\"(max-width: 768px) 100vw, 768px\" \/>\t\t\t\t\t\t\t\t\t\t\t\t\t\t\t<\/div>\n\t\t\t\t<\/div>\n\t\t\t\t<div class=\"elementor-element elementor-element-2a78376 elementor-widget elementor-widget-heading\" data-id=\"2a78376\" data-element_type=\"widget\" data-widget_type=\"heading.default\">\n\t\t\t\t<div class=\"elementor-widget-container\">\n\t\t\t\t\t<h3 class=\"elementor-heading-title elementor-size-default\">Emplacement <\/h3>\t\t\t\t<\/div>\n\t\t\t\t<\/div>\n\t\t\t\t<div class=\"elementor-element elementor-element-71a3873 elementor-widget elementor-widget-text-editor\" data-id=\"71a3873\" data-element_type=\"widget\" data-widget_type=\"text-editor.default\">\n\t\t\t\t<div class=\"elementor-widget-container\">\n\t\t\t\t\t\t\t\t\tAu Parking Villur Eixample, nous vous offrons un emplacement central privil\u00e9gi\u00e9 \u00e0 Barcelone. Nous sommes au c\u0153ur de l&#039;Eixample, pr\u00e8s de la Gran Via et \u00e0 seulement 5 minutes de la Plaza Catalunya, ce qui fait de nous l&#039;option id\u00e9ale pour ceux qui veulent \u00eatre au c\u0153ur de Barcelone. Notre parking dispose d&#039;un acc\u00e8s rapide \u00e0 la station de m\u00e9tro Urgell (L1), ce qui facilite votre mobilit\u00e9 dans la ville.\t\t\t\t\t\t\t\t<\/div>\n\t\t\t\t<\/div>\n\t\t\t\t\t<\/div>\n\t\t\t\t<\/div>\n\t\t<div class=\"elementor-element elementor-element-93278db e-flex e-con-boxed e-con e-child\" data-id=\"93278db\" data-element_type=\"container\">\n\t\t\t\t\t<div class=\"e-con-inner\">\n\t\t\t\t<div class=\"elementor-element elementor-element-7f5a03a elementor-widget elementor-widget-image\" data-id=\"7f5a03a\" data-element_type=\"widget\" data-widget_type=\"image.default\">\n\t\t\t\t<div class=\"elementor-widget-container\">\n\t\t\t\t\t\t\t\t\t\t\t\t\t\t\t<img decoding=\"async\" width=\"768\" height=\"487\" src=\"https:\/\/parkingvillur.es\/wp-content\/uploads\/sites\/17\/2024\/05\/IMG_20230529_095656-768x487.jpg\" class=\"attachment-medium_large size-medium_large wp-image-2263\" alt=\"\" srcset=\"https:\/\/parkingvillur.es\/wp-content\/uploads\/sites\/17\/2024\/05\/IMG_20230529_095656-768x487.jpg 768w, https:\/\/parkingvillur.es\/wp-content\/uploads\/sites\/17\/2024\/05\/IMG_20230529_095656-300x190.jpg 300w, https:\/\/parkingvillur.es\/wp-content\/uploads\/sites\/17\/2024\/05\/IMG_20230529_095656-1024x649.jpg 1024w, https:\/\/parkingvillur.es\/wp-content\/uploads\/sites\/17\/2024\/05\/IMG_20230529_095656-1536x973.jpg 1536w, https:\/\/parkingvillur.es\/wp-content\/uploads\/sites\/17\/2024\/05\/IMG_20230529_095656-2048x1298.jpg 2048w, https:\/\/parkingvillur.es\/wp-content\/uploads\/sites\/17\/2024\/05\/IMG_20230529_095656-18x12.jpg 18w\" sizes=\"(max-width: 768px) 100vw, 768px\" \/>\t\t\t\t\t\t\t\t\t\t\t\t\t\t\t<\/div>\n\t\t\t\t<\/div>\n\t\t\t\t<div class=\"elementor-element elementor-element-aaf5428 elementor-widget elementor-widget-heading\" data-id=\"aaf5428\" data-element_type=\"widget\" data-widget_type=\"heading.default\">\n\t\t\t\t<div class=\"elementor-widget-container\">\n\t\t\t\t\t<h3 class=\"elementor-heading-title elementor-size-default\">S\u00e9curit\u00e9 et confort<\/h3>\t\t\t\t<\/div>\n\t\t\t\t<\/div>\n\t\t\t\t<div class=\"elementor-element elementor-element-e704066 elementor-widget elementor-widget-text-editor\" data-id=\"e704066\" data-element_type=\"widget\" data-widget_type=\"text-editor.default\">\n\t\t\t\t<div class=\"elementor-widget-container\">\n\t\t\t\t\t\t\t\t\tNous proposons des espaces extra-larges qui facilitent le stationnement et garantissent votre confort \u00e0 tout moment. De plus, notre zone est vid\u00e9o-surveill\u00e9e 24h\/24, offrant ainsi une s\u00e9curit\u00e9 maximale \u00e0 votre v\u00e9hicule. Vous pourrez ainsi profiter de votre visite \u00e0 Barcelone en toute tranquillit\u00e9.\t\t\t\t\t\t\t\t<\/div>\n\t\t\t\t<\/div>\n\t\t\t\t\t<\/div>\n\t\t\t\t<\/div>\n\t\t\t\t\t<\/div>\n\t\t\t\t<\/div>\n\t\t\t\t\t<\/div>\n\t\t\t\t<\/div>\n\t\t<div class=\"elementor-element elementor-element-95f77d5 e-flex e-con-boxed e-con e-parent\" data-id=\"95f77d5\" data-element_type=\"container\" data-settings=\"{&quot;background_background&quot;:&quot;classic&quot;}\">\n\t\t\t\t\t<div class=\"e-con-inner\">\n\t\t\t\t<div class=\"elementor-element elementor-element-0feb80c elementor-widget elementor-widget-heading\" data-id=\"0feb80c\" data-element_type=\"widget\" data-widget_type=\"heading.default\">\n\t\t\t\t<div class=\"elementor-widget-container\">\n\t\t\t\t\t<h2 class=\"elementor-heading-title elementor-size-default\">Tous les avantages du Parking Villur Eixample<\/h2>\t\t\t\t<\/div>\n\t\t\t\t<\/div>\n\t\t\t\t<div class=\"elementor-element elementor-element-4be3be0 elementor-widget__width-initial elementor-widget elementor-widget-text-editor\" data-id=\"4be3be0\" data-element_type=\"widget\" data-widget_type=\"text-editor.default\">\n\t\t\t\t<div class=\"elementor-widget-container\">\n\t\t\t\t\t\t\t\t\t<p>Garez votre voiture dans un parking confortable, s\u00fbr et s\u00e9curis\u00e9.<\/p>\t\t\t\t\t\t\t\t<\/div>\n\t\t\t\t<\/div>\n\t\t<div class=\"elementor-element elementor-element-fb54328 e-grid e-con-boxed e-con e-child\" data-id=\"fb54328\" data-element_type=\"container\">\n\t\t\t\t\t<div class=\"e-con-inner\">\n\t\t\t\t<div class=\"elementor-element elementor-element-826cf2f elementor-widget-mobile__width-initial elementor-position-top elementor-widget elementor-widget-image-box\" data-id=\"826cf2f\" data-element_type=\"widget\" data-widget_type=\"image-box.default\">\n\t\t\t\t<div class=\"elementor-widget-container\">\n\t\t\t\t\t<div class=\"elementor-image-box-wrapper\"><figure class=\"elementor-image-box-img\"><img loading=\"lazy\" decoding=\"async\" width=\"512\" height=\"512\" src=\"https:\/\/parkingvillur.es\/wp-content\/uploads\/sites\/17\/2024\/05\/garage.png\" class=\"attachment-full size-full wp-image-95\" alt=\"\" srcset=\"https:\/\/parkingvillur.es\/wp-content\/uploads\/sites\/17\/2024\/05\/garage.png 512w, https:\/\/parkingvillur.es\/wp-content\/uploads\/sites\/17\/2024\/05\/garage-300x300.png 300w, https:\/\/parkingvillur.es\/wp-content\/uploads\/sites\/17\/2024\/05\/garage-150x150.png 150w\" sizes=\"(max-width: 512px) 100vw, 512px\" \/><\/figure><div class=\"elementor-image-box-content\"><span class=\"elementor-image-box-title\">Parking couvert<\/span><\/div><\/div>\t\t\t\t<\/div>\n\t\t\t\t<\/div>\n\t\t\t\t<div class=\"elementor-element elementor-element-2943ff9 elementor-widget-mobile__width-initial elementor-position-top elementor-widget elementor-widget-image-box\" data-id=\"2943ff9\" data-element_type=\"widget\" data-widget_type=\"image-box.default\">\n\t\t\t\t<div class=\"elementor-widget-container\">\n\t\t\t\t\t<div class=\"elementor-image-box-wrapper\"><figure class=\"elementor-image-box-img\"><img loading=\"lazy\" decoding=\"async\" width=\"512\" height=\"512\" src=\"https:\/\/parkingvillur.es\/wp-content\/uploads\/sites\/17\/2024\/05\/24-hours-support.png\" class=\"attachment-full size-full wp-image-94\" alt=\"\" srcset=\"https:\/\/parkingvillur.es\/wp-content\/uploads\/sites\/17\/2024\/05\/24-hours-support.png 512w, https:\/\/parkingvillur.es\/wp-content\/uploads\/sites\/17\/2024\/05\/24-hours-support-300x300.png 300w, https:\/\/parkingvillur.es\/wp-content\/uploads\/sites\/17\/2024\/05\/24-hours-support-150x150.png 150w\" sizes=\"(max-width: 512px) 100vw, 512px\" \/><\/figure><div class=\"elementor-image-box-content\"><span class=\"elementor-image-box-title\">Acc\u00e8s 24h\/24<\/span><\/div><\/div>\t\t\t\t<\/div>\n\t\t\t\t<\/div>\n\t\t\t\t<div class=\"elementor-element elementor-element-27cc99a elementor-widget-mobile__width-initial elementor-position-top elementor-widget elementor-widget-image-box\" data-id=\"27cc99a\" data-element_type=\"widget\" data-widget_type=\"image-box.default\">\n\t\t\t\t<div class=\"elementor-widget-container\">\n\t\t\t\t\t<div class=\"elementor-image-box-wrapper\"><figure class=\"elementor-image-box-img\"><img loading=\"lazy\" decoding=\"async\" width=\"512\" height=\"512\" src=\"https:\/\/parkingvillur.es\/wp-content\/uploads\/sites\/17\/2024\/05\/infinity.png\" class=\"attachment-full size-full wp-image-93\" alt=\"\" srcset=\"https:\/\/parkingvillur.es\/wp-content\/uploads\/sites\/17\/2024\/05\/infinity.png 512w, https:\/\/parkingvillur.es\/wp-content\/uploads\/sites\/17\/2024\/05\/infinity-300x300.png 300w, https:\/\/parkingvillur.es\/wp-content\/uploads\/sites\/17\/2024\/05\/infinity-150x150.png 150w\" sizes=\"(max-width: 512px) 100vw, 512px\" \/><\/figure><div class=\"elementor-image-box-content\"><span class=\"elementor-image-box-title\">Billets illimit\u00e9s<\/span><\/div><\/div>\t\t\t\t<\/div>\n\t\t\t\t<\/div>\n\t\t\t\t<div class=\"elementor-element elementor-element-b369df2 elementor-widget-mobile__width-initial elementor-position-top elementor-widget elementor-widget-image-box\" data-id=\"b369df2\" data-element_type=\"widget\" data-widget_type=\"image-box.default\">\n\t\t\t\t<div class=\"elementor-widget-container\">\n\t\t\t\t\t<div class=\"elementor-image-box-wrapper\"><figure class=\"elementor-image-box-img\"><img loading=\"lazy\" decoding=\"async\" width=\"512\" height=\"512\" src=\"https:\/\/parkingvillur.es\/wp-content\/uploads\/sites\/17\/2024\/05\/disabled.png\" class=\"attachment-full size-full wp-image-91\" alt=\"\" srcset=\"https:\/\/parkingvillur.es\/wp-content\/uploads\/sites\/17\/2024\/05\/disabled.png 512w, https:\/\/parkingvillur.es\/wp-content\/uploads\/sites\/17\/2024\/05\/disabled-300x300.png 300w, https:\/\/parkingvillur.es\/wp-content\/uploads\/sites\/17\/2024\/05\/disabled-150x150.png 150w\" sizes=\"(max-width: 512px) 100vw, 512px\" \/><\/figure><div class=\"elementor-image-box-content\"><span class=\"elementor-image-box-title\">Accessibilit\u00e9 PMR<\/span><\/div><\/div>\t\t\t\t<\/div>\n\t\t\t\t<\/div>\n\t\t\t\t<div class=\"elementor-element elementor-element-a15b943 elementor-widget-mobile__width-initial elementor-position-top elementor-widget elementor-widget-image-box\" data-id=\"a15b943\" data-element_type=\"widget\" data-widget_type=\"image-box.default\">\n\t\t\t\t<div class=\"elementor-widget-container\">\n\t\t\t\t\t<div class=\"elementor-image-box-wrapper\"><figure class=\"elementor-image-box-img\"><img loading=\"lazy\" decoding=\"async\" width=\"512\" height=\"512\" src=\"https:\/\/parkingvillur.es\/wp-content\/uploads\/sites\/17\/2024\/05\/wide.png\" class=\"attachment-full size-full wp-image-92\" alt=\"\" srcset=\"https:\/\/parkingvillur.es\/wp-content\/uploads\/sites\/17\/2024\/05\/wide.png 512w, https:\/\/parkingvillur.es\/wp-content\/uploads\/sites\/17\/2024\/05\/wide-300x300.png 300w, https:\/\/parkingvillur.es\/wp-content\/uploads\/sites\/17\/2024\/05\/wide-150x150.png 150w\" sizes=\"(max-width: 512px) 100vw, 512px\" \/><\/figure><div class=\"elementor-image-box-content\"><span class=\"elementor-image-box-title\">Grands espaces<\/span><\/div><\/div>\t\t\t\t<\/div>\n\t\t\t\t<\/div>\n\t\t\t\t<div class=\"elementor-element elementor-element-6897be2 elementor-widget-mobile__width-initial elementor-position-top elementor-widget elementor-widget-image-box\" data-id=\"6897be2\" data-element_type=\"widget\" data-widget_type=\"image-box.default\">\n\t\t\t\t<div class=\"elementor-widget-container\">\n\t\t\t\t\t<div class=\"elementor-image-box-wrapper\"><figure class=\"elementor-image-box-img\"><img loading=\"lazy\" decoding=\"async\" width=\"512\" height=\"512\" src=\"https:\/\/parkingvillur.es\/wp-content\/uploads\/sites\/17\/2024\/05\/security-camera.png\" class=\"attachment-full size-full wp-image-90\" alt=\"\" srcset=\"https:\/\/parkingvillur.es\/wp-content\/uploads\/sites\/17\/2024\/05\/security-camera.png 512w, https:\/\/parkingvillur.es\/wp-content\/uploads\/sites\/17\/2024\/05\/security-camera-300x300.png 300w, https:\/\/parkingvillur.es\/wp-content\/uploads\/sites\/17\/2024\/05\/security-camera-150x150.png 150w\" sizes=\"(max-width: 512px) 100vw, 512px\" \/><\/figure><div class=\"elementor-image-box-content\"><span class=\"elementor-image-box-title\">Zone de vid\u00e9osurveillance<\/span><\/div><\/div>\t\t\t\t<\/div>\n\t\t\t\t<\/div>\n\t\t\t\t\t<\/div>\n\t\t\t\t<\/div>\n\t\t\t\t\t<\/div>\n\t\t\t\t<\/div>\n\t\t<div class=\"elementor-element elementor-element-74aa7ca e-flex e-con-boxed e-con e-parent\" data-id=\"74aa7ca\" data-element_type=\"container\">\n\t\t\t\t\t<div class=\"e-con-inner\">\n\t\t\t\t<div class=\"elementor-element elementor-element-37e674d elementor-widget elementor-widget-heading\" data-id=\"37e674d\" data-element_type=\"widget\" data-widget_type=\"heading.default\">\n\t\t\t\t<div class=\"elementor-widget-container\">\n\t\t\t\t\t<h2 class=\"elementor-heading-title elementor-size-default\">Pourquoi utiliser le Parking Villur Eixample ?<\/h2>\t\t\t\t<\/div>\n\t\t\t\t<\/div>\n\t\t\t\t<div class=\"elementor-element elementor-element-c154630 elementor-widget elementor-widget-text-editor\" data-id=\"c154630\" data-element_type=\"widget\" data-widget_type=\"text-editor.default\">\n\t\t\t\t<div class=\"elementor-widget-container\">\n\t\t\t\t\t\t\t\t\tD\u00e9couvrez la Barcelone authentique dans le confort de notre parking !\t\t\t\t\t\t\t\t<\/div>\n\t\t\t\t<\/div>\n\t\t<div class=\"elementor-element elementor-element-c3bb7c6 e-flex e-con-boxed e-con e-child\" data-id=\"c3bb7c6\" data-element_type=\"container\">\n\t\t\t\t\t<div class=\"e-con-inner\">\n\t\t<div class=\"elementor-element elementor-element-f8dfa59 e-flex e-con-boxed e-con e-child\" data-id=\"f8dfa59\" data-element_type=\"container\" data-settings=\"{&quot;background_background&quot;:&quot;classic&quot;}\">\n\t\t\t\t\t<div class=\"e-con-inner\">\n\t\t\t\t\t<\/div>\n\t\t\t\t<\/div>\n\t\t<div class=\"elementor-element elementor-element-fa18a1f e-flex e-con-boxed e-con e-child\" data-id=\"fa18a1f\" data-element_type=\"container\">\n\t\t\t\t\t<div class=\"e-con-inner\">\n\t\t<div class=\"elementor-element elementor-element-45cee48 e-flex e-con-boxed e-con e-child\" data-id=\"45cee48\" data-element_type=\"container\">\n\t\t\t\t\t<div class=\"e-con-inner\">\n\t\t\t\t<div class=\"elementor-element elementor-element-3312a28 elementor-widget elementor-widget-heading\" data-id=\"3312a28\" data-element_type=\"widget\" data-widget_type=\"heading.default\">\n\t\t\t\t<div class=\"elementor-widget-container\">\n\t\t\t\t\t<h3 class=\"elementor-heading-title elementor-size-default\">Garez votre voiture dans un parking confortable, s\u00fbr et s\u00e9curis\u00e9.<\/h3>\t\t\t\t<\/div>\n\t\t\t\t<\/div>\n\t\t\t\t<div class=\"elementor-element elementor-element-0283117 elementor-widget elementor-widget-text-editor\" data-id=\"0283117\" data-element_type=\"widget\" data-widget_type=\"text-editor.default\">\n\t\t\t\t<div class=\"elementor-widget-container\">\n\t\t\t\t\t\t\t\t\tLe parking Villur est ouvert 24h\/24, ce qui signifie qu&#039;il est accessible \u00e0 tout moment. Il dispose de 400 si\u00e8ges, tous mesurant environ 4,5 x 2,5 m, avec une hauteur maximale de 2 m. De plus, nous proposons un enregistrement et un d\u00e9part illimit\u00e9s pendant la dur\u00e9e de votre r\u00e9servation, vous n&#039;avez donc pas \u00e0 vous soucier des heures limites ou des restrictions suppl\u00e9mentaires. \t\t\t\t\t\t\t\t<\/div>\n\t\t\t\t<\/div>\n\t\t\t\t<div class=\"elementor-element elementor-element-2d5f9a9 elementor-widget elementor-widget-text-editor\" data-id=\"2d5f9a9\" data-element_type=\"widget\" data-widget_type=\"text-editor.default\">\n\t\t\t\t<div class=\"elementor-widget-container\">\n\t\t\t\t\t\t\t\t\tNotre priorit\u00e9 est la s\u00e9curit\u00e9 de nos clients, garantie gr\u00e2ce \u00e0 une zone de vid\u00e9osurveillance 24h\/24. De plus, notre parking est accessible aux personnes \u00e0 mobilit\u00e9 r\u00e9duite (PMR).\t\t\t\t\t\t\t\t<\/div>\n\t\t\t\t<\/div>\n\t\t\t\t\t<\/div>\n\t\t\t\t<\/div>\n\t\t\t\t\t<\/div>\n\t\t\t\t<\/div>\n\t\t\t\t\t<\/div>\n\t\t\t\t<\/div>\n\t\t<div class=\"elementor-element elementor-element-180c177 e-flex e-con-boxed e-con e-child\" data-id=\"180c177\" data-element_type=\"container\">\n\t\t\t\t\t<div class=\"e-con-inner\">\n\t\t<div class=\"elementor-element elementor-element-87f8127 e-flex e-con-boxed e-con e-child\" data-id=\"87f8127\" data-element_type=\"container\">\n\t\t\t\t\t<div class=\"e-con-inner\">\n\t\t<div class=\"elementor-element elementor-element-394e7a3 e-flex e-con-boxed e-con e-child\" data-id=\"394e7a3\" data-element_type=\"container\">\n\t\t\t\t\t<div class=\"e-con-inner\">\n\t\t\t\t<div class=\"elementor-element elementor-element-36e55f1 elementor-widget elementor-widget-heading\" data-id=\"36e55f1\" data-element_type=\"widget\" data-widget_type=\"heading.default\">\n\t\t\t\t<div class=\"elementor-widget-container\">\n\t\t\t\t\t<h3 class=\"elementor-heading-title elementor-size-default\">O\u00f9 se trouve notre parking ?<\/h3>\t\t\t\t<\/div>\n\t\t\t\t<\/div>\n\t\t\t\t<div class=\"elementor-element elementor-element-e26f1bd elementor-widget elementor-widget-text-editor\" data-id=\"e26f1bd\" data-element_type=\"widget\" data-widget_type=\"text-editor.default\">\n\t\t\t\t<div class=\"elementor-widget-container\">\n\t\t\t\t\t\t\t\t\tNotre parking est situ\u00e9 exactement au num\u00e9ro 56 de la Calle del Comte d&#039;Urgell, \u00e0 quelques minutes du m\u00e9tro et de la gare, ce qui vous permet d&#039;acc\u00e9der facilement depuis n&#039;importe quel point de la ville. Autour de notre emplacement, vous trouverez \u00e9galement une grande vari\u00e9t\u00e9 de services et de points d&#039;int\u00e9r\u00eat, tels que des magasins, des restaurants et des attractions touristiques.\t\t\t\t\t\t\t\t<\/div>\n\t\t\t\t<\/div>\n\t\t\t\t<div class=\"elementor-element elementor-element-73ae314 elementor-widget elementor-widget-text-editor\" data-id=\"73ae314\" data-element_type=\"widget\" data-widget_type=\"text-editor.default\">\n\t\t\t\t<div class=\"elementor-widget-container\">\n\t\t\t\t\t\t\t\t\tGarez-vous au Parking Villur Eixample et profitez de la commodit\u00e9 d&#039;un parking dans le centre de Barcelone.\t\t\t\t\t\t\t\t<\/div>\n\t\t\t\t<\/div>\n\t\t\t\t\t<\/div>\n\t\t\t\t<\/div>\n\t\t<div class=\"elementor-element elementor-element-a10a3c2 e-flex e-con-boxed e-con e-child\" data-id=\"a10a3c2\" data-element_type=\"container\" data-settings=\"{&quot;background_background&quot;:&quot;classic&quot;}\">\n\t\t\t\t\t<div class=\"e-con-inner\">\n\t\t\t\t\t<\/div>\n\t\t\t\t<\/div>\n\t\t\t\t\t<\/div>\n\t\t\t\t<\/div>\n\t\t\t\t\t<\/div>\n\t\t\t\t<\/div>\n\t\t\t\t\t<\/div>\n\t\t\t\t<\/div>\n\t\t<div class=\"elementor-element elementor-element-1fc0ce7 e-flex e-con-boxed e-con e-parent\" data-id=\"1fc0ce7\" data-element_type=\"container\" data-settings=\"{&quot;background_background&quot;:&quot;classic&quot;}\">\n\t\t\t\t\t<div class=\"e-con-inner\">\n\t\t\t\t<div class=\"elementor-element elementor-element-bcfd0cb elementor-widget elementor-widget-heading\" data-id=\"bcfd0cb\" data-element_type=\"widget\" data-widget_type=\"heading.default\">\n\t\t\t\t<div class=\"elementor-widget-container\">\n\t\t\t\t\t<h2 class=\"elementor-heading-title elementor-size-default\">Localisation du Parking Villur Eixample<\/h2>\t\t\t\t<\/div>\n\t\t\t\t<\/div>\n\t\t\t\t<div class=\"elementor-element elementor-element-5a30b2a elementor-widget elementor-widget-google_maps\" data-id=\"5a30b2a\" data-element_type=\"widget\" data-widget_type=\"google_maps.default\">\n\t\t\t\t<div class=\"elementor-widget-container\">\n\t\t\t\t\t\t\t<div class=\"elementor-custom-embed\">\n\t\t\t<iframe loading=\"lazy\"\n\t\t\t\t\tsrc=\"https:\/\/maps.google.com\/maps?q=Carrer%20del%20Comte%20d%27Urgell%2C%2056%2C%20L%27Eixample%2C%2008011%20Barcelona&#038;t=m&#038;z=15&#038;output=embed&#038;iwloc=near\"\n\t\t\t\t\ttitle=\"Carrer del Comte d&#039;Urgell, 56, L&#039;Eixample, 08011 Barcelone\"\n\t\t\t\t\taria-label=\"Carrer del Comte d&#039;Urgell, 56, L&#039;Eixample, 08011 Barcelone\"\n\t\t\t><\/iframe>\n\t\t<\/div>\n\t\t\t\t\t\t<\/div>\n\t\t\t\t<\/div>\n\t\t\t\t\t<\/div>\n\t\t\t\t<\/div>\n\t\t\t\t<\/div>","protected":false},"excerpt":{"rendered":"<p>Parking Villur Eixample Garez-vous confortablement au c\u0153ur de Barcelone Ouvert 24 heures sur 24, 365 jours par an Au c\u0153ur de [\u2026]<\/p>","protected":false},"author":1,"featured_media":0,"parent":0,"menu_order":0,"comment_status":"closed","ping_status":"closed","template":"elementor_header_footer","meta":{"site-sidebar-layout":"default","site-content-layout":"","ast-site-content-layout":"","site-content-style":"default","site-sidebar-style":"default","ast-global-header-display":"","ast-banner-title-visibility":"","ast-main-header-display":"","ast-hfb-above-header-display":"","ast-hfb-below-header-display":"","ast-hfb-mobile-header-display":"","site-post-title":"","ast-breadcrumbs-content":"","ast-featured-img":"","footer-sml-layout":"","theme-transparent-header-meta":"","adv-header-id-meta":"","stick-header-meta":"","header-above-stick-meta":"","header-main-stick-meta":"","header-below-stick-meta":"","astra-migrate-meta-layouts":"default","ast-page-background-enabled":"default","ast-page-background-meta":{"desktop":{"background-color":"var(--ast-global-color-4)","background-image":"","background-repeat":"repeat","background-position":"center center","background-size":"auto","background-attachment":"scroll","background-type":"","background-media":"","overlay-type":"","overlay-color":"","overlay-opacity":"","overlay-gradient":""},"tablet":{"background-color":"","background-image":"","background-repeat":"repeat","background-position":"center center","background-size":"auto","background-attachment":"scroll","background-type":"","background-media":"","overlay-type":"","overlay-color":"","overlay-opacity":"","overlay-gradient":""},"mobile":{"background-color":"","background-image":"","background-repeat":"repeat","background-position":"center center","background-size":"auto","background-attachment":"scroll","background-type":"","background-media":"","overlay-type":"","overlay-color":"","overlay-opacity":"","overlay-gradient":""}},"ast-content-background-meta":{"desktop":{"background-color":"var(--ast-global-color-5)","background-image":"","background-repeat":"repeat","background-position":"center center","background-size":"auto","background-attachment":"scroll","background-type":"","background-media":"","overlay-type":"","overlay-color":"","overlay-opacity":"","overlay-gradient":""},"tablet":{"background-color":"var(--ast-global-color-5)","background-image":"","background-repeat":"repeat","background-position":"center center","background-size":"auto","background-attachment":"scroll","background-type":"","background-media":"","overlay-type":"","overlay-color":"","overlay-opacity":"","overlay-gradient":""},"mobile":{"background-color":"var(--ast-global-color-5)","background-image":"","background-repeat":"repeat","background-position":"center center","background-size":"auto","background-attachment":"scroll","background-type":"","background-media":"","overlay-type":"","overlay-color":"","overlay-opacity":"","overlay-gradient":""}},"footnotes":""},"class_list":["post-1631","page","type-page","status-publish","hentry"],"acf":[],"yoast_head":"<!-- This site is optimized with the Yoast SEO plugin v22.8 - https:\/\/yoast.com\/wordpress\/plugins\/seo\/ -->\n<title>Inicio - Villur<\/title>\n<meta name=\"robots\" content=\"index, follow, max-snippet:-1, max-image-preview:large, max-video-preview:-1\" \/>\n<link rel=\"canonical\" href=\"https:\/\/parkingvillur.es\/fr\/\" \/>\n<meta property=\"og:locale\" content=\"fr_FR\" \/>\n<meta property=\"og:type\" content=\"article\" \/>\n<meta property=\"og:title\" content=\"Inicio - Villur\" \/>\n<meta property=\"og:description\" content=\"Parking Villur Eixample Aparca con comodidad en el coraz\u00f3n de Barcelona Abierto 24 horas, 365 d\u00edas del a\u00f1o En pleno [&hellip;]\" \/>\n<meta property=\"og:url\" content=\"https:\/\/parkingvillur.es\/fr\/\" \/>\n<meta property=\"og:site_name\" content=\"Villur\" \/>\n<meta property=\"article:modified_time\" content=\"2024-07-12T15:16:03+00:00\" \/>\n<meta property=\"og:image\" content=\"https:\/\/parkingvillur.es\/wp-content\/uploads\/sites\/17\/2024\/05\/IMG_20230529_094454-768x417.jpg\" \/>\n<meta name=\"twitter:card\" content=\"summary_large_image\" \/>\n<meta name=\"twitter:label1\" content=\"Dur\u00e9e de lecture estim\u00e9e\" \/>\n\t<meta name=\"twitter:data1\" content=\"4 minutes\" \/>\n<script type=\"application\/ld+json\" class=\"yoast-schema-graph\">{\"@context\":\"https:\/\/schema.org\",\"@graph\":[{\"@type\":\"WebPage\",\"@id\":\"https:\/\/parkingvillur.es\/\",\"url\":\"https:\/\/parkingvillur.es\/\",\"name\":\"Inicio - Villur\",\"isPartOf\":{\"@id\":\"https:\/\/parkingvillur.es\/#website\"},\"primaryImageOfPage\":{\"@id\":\"https:\/\/parkingvillur.es\/#primaryimage\"},\"image\":{\"@id\":\"https:\/\/parkingvillur.es\/#primaryimage\"},\"thumbnailUrl\":\"https:\/\/parkingvillur.es\/wp-content\/uploads\/sites\/17\/2024\/05\/IMG_20230529_094454-768x417.jpg\",\"datePublished\":\"2024-06-02T20:58:30+00:00\",\"dateModified\":\"2024-07-12T15:16:03+00:00\",\"breadcrumb\":{\"@id\":\"https:\/\/parkingvillur.es\/#breadcrumb\"},\"inLanguage\":\"fr-FR\",\"potentialAction\":[{\"@type\":\"ReadAction\",\"target\":[\"https:\/\/parkingvillur.es\/\"]}]},{\"@type\":\"ImageObject\",\"inLanguage\":\"fr-FR\",\"@id\":\"https:\/\/parkingvillur.es\/#primaryimage\",\"url\":\"https:\/\/parkingvillur.es\/wp-content\/uploads\/sites\/17\/2024\/05\/IMG_20230529_094454-768x417.jpg\",\"contentUrl\":\"https:\/\/parkingvillur.es\/wp-content\/uploads\/sites\/17\/2024\/05\/IMG_20230529_094454-768x417.jpg\"},{\"@type\":\"BreadcrumbList\",\"@id\":\"https:\/\/parkingvillur.es\/#breadcrumb\",\"itemListElement\":[{\"@type\":\"ListItem\",\"position\":1,\"name\":\"Home\",\"item\":\"https:\/\/parkingvillur.es\/\"},{\"@type\":\"ListItem\",\"position\":2,\"name\":\"Inicio\"}]},{\"@type\":\"WebSite\",\"@id\":\"https:\/\/parkingvillur.es\/#website\",\"url\":\"https:\/\/parkingvillur.es\/\",\"name\":\"Villur\",\"description\":\"\",\"potentialAction\":[{\"@type\":\"SearchAction\",\"target\":{\"@type\":\"EntryPoint\",\"urlTemplate\":\"https:\/\/parkingvillur.es\/?s={search_term_string}\"},\"query-input\":\"required name=search_term_string\"}],\"inLanguage\":\"fr-FR\"}]}<\/script>\n<!-- \/ Yoast SEO plugin. -->","yoast_head_json":{"title":"Inicio - Villur","robots":{"index":"index","follow":"follow","max-snippet":"max-snippet:-1","max-image-preview":"max-image-preview:large","max-video-preview":"max-video-preview:-1"},"canonical":"https:\/\/parkingvillur.es\/fr\/","og_locale":"fr_FR","og_type":"article","og_title":"Inicio - Villur","og_description":"Parking Villur Eixample Aparca con comodidad en el coraz\u00f3n de Barcelona Abierto 24 horas, 365 d\u00edas del a\u00f1o En pleno [&hellip;]","og_url":"https:\/\/parkingvillur.es\/fr\/","og_site_name":"Villur","article_modified_time":"2024-07-12T15:16:03+00:00","og_image":[{"url":"https:\/\/parkingvillur.es\/wp-content\/uploads\/sites\/17\/2024\/05\/IMG_20230529_094454-768x417.jpg"}],"twitter_card":"summary_large_image","twitter_misc":{"Dur\u00e9e de lecture estim\u00e9e":"4 minutes"},"schema":{"@context":"https:\/\/schema.org","@graph":[{"@type":"WebPage","@id":"https:\/\/parkingvillur.es\/","url":"https:\/\/parkingvillur.es\/","name":"Inicio - Villur","isPartOf":{"@id":"https:\/\/parkingvillur.es\/#website"},"primaryImageOfPage":{"@id":"https:\/\/parkingvillur.es\/#primaryimage"},"image":{"@id":"https:\/\/parkingvillur.es\/#primaryimage"},"thumbnailUrl":"https:\/\/parkingvillur.es\/wp-content\/uploads\/sites\/17\/2024\/05\/IMG_20230529_094454-768x417.jpg","datePublished":"2024-06-02T20:58:30+00:00","dateModified":"2024-07-12T15:16:03+00:00","breadcrumb":{"@id":"https:\/\/parkingvillur.es\/#breadcrumb"},"inLanguage":"fr-FR","potentialAction":[{"@type":"ReadAction","target":["https:\/\/parkingvillur.es\/"]}]},{"@type":"ImageObject","inLanguage":"fr-FR","@id":"https:\/\/parkingvillur.es\/#primaryimage","url":"https:\/\/parkingvillur.es\/wp-content\/uploads\/sites\/17\/2024\/05\/IMG_20230529_094454-768x417.jpg","contentUrl":"https:\/\/parkingvillur.es\/wp-content\/uploads\/sites\/17\/2024\/05\/IMG_20230529_094454-768x417.jpg"},{"@type":"BreadcrumbList","@id":"https:\/\/parkingvillur.es\/#breadcrumb","itemListElement":[{"@type":"ListItem","position":1,"name":"Home","item":"https:\/\/parkingvillur.es\/"},{"@type":"ListItem","position":2,"name":"Inicio"}]},{"@type":"WebSite","@id":"https:\/\/parkingvillur.es\/#website","url":"https:\/\/parkingvillur.es\/","name":"Villur","description":"","potentialAction":[{"@type":"SearchAction","target":{"@type":"EntryPoint","urlTemplate":"https:\/\/parkingvillur.es\/?s={search_term_string}"},"query-input":"required name=search_term_string"}],"inLanguage":"fr-FR"}]}},"_links":{"self":[{"href":"https:\/\/parkingvillur.es\/fr\/wp-json\/wp\/v2\/pages\/1631","targetHints":{"allow":["GET"]}}],"collection":[{"href":"https:\/\/parkingvillur.es\/fr\/wp-json\/wp\/v2\/pages"}],"about":[{"href":"https:\/\/parkingvillur.es\/fr\/wp-json\/wp\/v2\/types\/page"}],"author":[{"embeddable":true,"href":"https:\/\/parkingvillur.es\/fr\/wp-json\/wp\/v2\/users\/1"}],"replies":[{"embeddable":true,"href":"https:\/\/parkingvillur.es\/fr\/wp-json\/wp\/v2\/comments?post=1631"}],"version-history":[{"count":147,"href":"https:\/\/parkingvillur.es\/fr\/wp-json\/wp\/v2\/pages\/1631\/revisions"}],"predecessor-version":[{"id":2278,"href":"https:\/\/parkingvillur.es\/fr\/wp-json\/wp\/v2\/pages\/1631\/revisions\/2278"}],"wp:attachment":[{"href":"https:\/\/parkingvillur.es\/fr\/wp-json\/wp\/v2\/media?parent=1631"}],"curies":[{"name":"wp","href":"https:\/\/api.w.org\/{rel}","templated":true}]}}